{"version":"1.0","provider_name":"Sal\u0131ncakc\u0131m - Bah\u00e7e Mobilyalar\u0131 - Sal\u0131ncak","provider_url":"https:\/\/salincakcim.com\/en","author_name":"admin","author_url":"https:\/\/salincakcim.com\/en\/author\/admin\/","title":"Rattan Bah\u00e7e Mobilyas\u0131 Mercan Hazeran Masa Kapu\u00e7ino | Sal\u0131ncakc\u0131m - Bah\u00e7e Mobilyalar\u0131 - Sal\u0131ncak","type":"rich","width":600,"height":338,"html":"<blockquote class=\"wp-embedded-content\" data-secret=\"OfFZ0zVzyM\"><a href=\"https:\/\/salincakcim.com\/en\/product\/mercan-masa-kapucino\/\">Rattan Bah\u00e7e Mobilyas\u0131 Mercan Hazeran Masa Kapu\u00e7ino<\/a><\/blockquote><iframe sandbox=\"allow-scripts\" security=\"restricted\" src=\"https:\/\/salincakcim.com\/en\/product\/mercan-masa-kapucino\/embed\/#?secret=OfFZ0zVzyM\" width=\"600\" height=\"338\" title=\"&#8220;Rattan Bah\u00e7e Mobilyas\u0131 Mercan Hazeran Masa Kapu\u00e7ino&#8221; &#8212; Sal\u0131ncakc\u0131m - Bah\u00e7e Mobilyalar\u0131 - Sal\u0131ncak\" data-secret=\"OfFZ0zVzyM\" frameborder=\"0\" marginwidth=\"0\" marginheight=\"0\" scrolling=\"no\" class=\"wp-embedded-content\"><\/iframe><script type=\"text\/javascript\">\n\/* <![CDATA[ *\/\n\/*! This file is auto-generated *\/\n!function(d,l){\"use strict\";l.querySelector&&d.addEventListener&&\"undefined\"!=typeof URL&&(d.wp=d.wp||{},d.wp.receiveEmbedMessage||(d.wp.receiveEmbedMessage=function(e){var t=e.data;if((t||t.secret||t.message||t.value)&&!\/[^a-zA-Z0-9]\/.test(t.secret)){for(var s,r,n,a=l.querySelectorAll('iframe[data-secret=\"'+t.secret+'\"]'),o=l.querySelectorAll('blockquote[data-secret=\"'+t.secret+'\"]'),c=new RegExp(\"^https?:$\",\"i\"),i=0;i<o.length;i++)o[i].style.display=\"none\";for(i=0;i<a.length;i++)s=a[i],e.source===s.contentWindow&&(s.removeAttribute(\"style\"),\"height\"===t.message?(1e3<(r=parseInt(t.value,10))?r=1e3:~~r<200&&(r=200),s.height=r):\"link\"===t.message&&(r=new URL(s.getAttribute(\"src\")),n=new URL(t.value),c.test(n.protocol))&&n.host===r.host&&l.activeElement===s&&(d.top.location.href=t.value))}},d.addEventListener(\"message\",d.wp.receiveEmbedMessage,!1),l.addEventListener(\"DOMContentLoaded\",function(){for(var e,t,s=l.querySelectorAll(\"iframe.wp-embedded-content\"),r=0;r<s.length;r++)(t=(e=s[r]).getAttribute(\"data-secret\"))||(t=Math.random().toString(36).substring(2,12),e.src+=\"#?secret=\"+t,e.setAttribute(\"data-secret\",t)),e.contentWindow.postMessage({message:\"ready\",secret:t},\"*\")},!1)))}(window,document);\n\/* ]]> *\/\n<\/script>","thumbnail_url":"https:\/\/salincakcim.com\/wp-content\/uploads\/2023\/01\/7.jpg","thumbnail_width":500,"thumbnail_height":500,"description":"Standart koltuk tak\u0131m\u0131 formunda ve kalitesinde \u00fcretilen Mercan rattan koltuk tak\u0131m\u0131 ile rahatl\u0131\u011f\u0131 bah\u00e7elerinize ta\u015f\u0131yoruz.  Davetlerinizin vazge\u00e7ilmezi en \u00e7ok tercih edilen \u00fcr\u00fcnlerimizden Mercan Rattan Masa 1 adet rattan masa, zengin set i\u00e7eri\u011fiyle kalabal\u0131k misafirleriniz i\u00e7in harika bir tercih  D\u0131\u015f mekan kullan\u0131m\u0131na uygun al\u00fcminyum g\u00f6vde, su ge\u00e7irmez kuma\u015f \u00f6zelli\u011fi ile kapu\u00e7ino mercan masa 2024 trendleri aras\u0131na \u015fimdiden girdi bile."}